{"id":516,"date":"2010-09-29T21:02:02","date_gmt":"2010-09-29T18:02:02","guid":{"rendered":"http:\/\/www.kaarinankuvaajat.net\/?page_id=516"},"modified":"2026-04-13T15:33:32","modified_gmt":"2026-04-13T13:33:32","slug":"ajankohtaista","status":"publish","type":"page","link":"https:\/\/www.kaarinankuvaajat.net\/blog\/","title":{"rendered":"Ajankohtaista"},"content":{"rendered":"<p><span style=\"font-size: 12pt;\"><strong><span style=\"font-size: 14pt;\">Kaarinan Kuvaajien kuukausikokoukset<\/span><br \/>\n<\/strong><\/span><\/p>\n<p>Toukokuun j\u00e4sentapaaminen <strong>keskiviikkona 6.5.2026 <span style=\"color: #ff0000;\">kello 17:30<\/span> Valkeavuoren kampuksella.<\/strong><strong><br \/>\n<\/strong><span style=\"font-size: revert; color: initial;\">Salakamman aihe on t\u00e4ll\u00e4 kertaa <strong>&#8220;Vesi<\/strong><\/span><strong style=\"font-size: revert; color: initial;\">&#8221;\u00a0<\/strong><\/p>\n<p>Kuvat tulee ladata palvelimelle viimeist\u00e4\u00e4n sunnuntaina<strong> 3.5.2026 kello 20:00<\/strong> menness\u00e4, k\u00e4ytt\u00e4en <a href=\"https:\/\/www.kaarinankuvaajat.net\/blog\/?page_id=4885\" target=\"_blank\" rel=\"noopener\">uutta latauslomaketta.<\/a><\/p>\n<p>***********************************************************<\/p>\n<p><strong><span style=\"vertical-align: inherit;\"><span style=\"vertical-align: inherit;\"><span style=\"vertical-align: inherit;\"><span style=\"vertical-align: inherit;\"><span style=\"vertical-align: inherit;\"><span style=\"vertical-align: inherit;\"><span style=\"vertical-align: inherit;\"><span style=\"vertical-align: inherit;\"><span style=\"vertical-align: inherit;\"><span style=\"vertical-align: inherit;\"><span style=\"vertical-align: inherit;\"><span style=\"vertical-align: inherit;\"><span style=\"vertical-align: inherit;\"><span style=\"vertical-align: inherit;\"><span style=\"vertical-align: inherit;\"><span style=\"vertical-align: inherit;\"><span style=\"vertical-align: inherit;\"><span style=\"vertical-align: inherit;\"><span style=\"vertical-align: inherit;\"><span style=\"vertical-align: inherit;\">Kaarinan Kuvaajat ry osallistui vuoden 2025 <\/span><\/span><\/span><\/span><\/span><\/span><\/span><\/span><\/span><\/span><\/span><\/span><\/span><\/span><\/span><\/span><\/span><\/span><\/span><\/span><\/strong><span style=\"vertical-align: inherit;\"><strong><span style=\"vertical-align: inherit;\"><span style=\"vertical-align: inherit;\"><span style=\"vertical-align: inherit;\"><span style=\"vertical-align: inherit;\"><span style=\"vertical-align: inherit;\"><span style=\"vertical-align: inherit;\"><span style=\"vertical-align: inherit;\"><span style=\"vertical-align: inherit;\"><span style=\"vertical-align: inherit;\"><span style=\"vertical-align: inherit;\"><span style=\"vertical-align: inherit;\"><span style=\"vertical-align: inherit;\"><span style=\"vertical-align: inherit;\"><span style=\"vertical-align: inherit;\"><span style=\"vertical-align: inherit;\"><span style=\"vertical-align: inherit;\"><span style=\"vertical-align: inherit;\"><span style=\"vertical-align: inherit;\"><span style=\"vertical-align: inherit;\">Suomen Kameraseurojen liiton Seuracup kilpailuun.<\/span><\/span><\/span><\/span><\/span><\/span><\/span><\/span><\/span><\/span><\/span><\/span><\/span><\/span><\/span><\/span><\/span><\/span><\/span><\/strong><\/span><\/p>\n<p><span style=\"vertical-align: inherit;\"><span style=\"vertical-align: inherit;\"><span style=\"vertical-align: inherit;\"><span style=\"vertical-align: inherit;\"><span style=\"vertical-align: inherit;\"><span style=\"vertical-align: inherit;\"><span style=\"vertical-align: inherit;\"><span style=\"vertical-align: inherit;\"><span style=\"vertical-align: inherit;\"><span style=\"vertical-align: inherit;\"><span style=\"vertical-align: inherit;\"><span style=\"vertical-align: inherit;\"><span style=\"vertical-align: inherit;\"><span style=\"vertical-align: inherit;\"><span style=\"vertical-align: inherit;\"><span style=\"vertical-align: inherit;\"><span style=\"vertical-align: inherit;\"><span style=\"vertical-align: inherit;\"><span style=\"vertical-align: inherit;\"><span style=\"vertical-align: inherit;\">Yhteens\u00e4 nelj\u00e4 kuvaa valittiin Seuracup-n\u00e4yttelyyn. N\u00e4m\u00e4 olivat: Henrik Sell <strong>The attack <\/strong>ja\u00a0<strong>Last Flight of The Snow Bunting<\/strong><strong> , <\/strong>Jari Kouvo <strong>Lighter <\/strong>ja Hanna Voutilainen <strong>Food please<\/strong><\/span><\/span><\/span><\/span><\/span><\/span><\/span><\/span><\/span><\/span><\/span><\/span><\/span><\/span><\/span><\/span><\/span><\/span><\/span><\/span><\/p>\n<p><span style=\"vertical-align: inherit;\"><span style=\"vertical-align: inherit;\"><span style=\"vertical-align: inherit;\"><span style=\"vertical-align: inherit;\"><span style=\"vertical-align: inherit;\"><span style=\"vertical-align: inherit;\"><span style=\"vertical-align: inherit;\"><span style=\"vertical-align: inherit;\"><span style=\"vertical-align: inherit;\"><span style=\"vertical-align: inherit;\"><span style=\"vertical-align: inherit;\"><span style=\"vertical-align: inherit;\"><span style=\"vertical-align: inherit;\"><span style=\"vertical-align: inherit;\"><span style=\"vertical-align: inherit;\"><span style=\"vertical-align: inherit;\"><span style=\"vertical-align: inherit;\"><span style=\"vertical-align: inherit;\"><span style=\"vertical-align: inherit;\"><span style=\"vertical-align: inherit;\">Kaikki kilpailuun osallistuneet kuvamme l\u00f6ytyv\u00e4t t\u00e4\u00e4lt\u00e4: <\/span><\/span><\/span><\/span><\/span><\/span><\/span><\/span><\/span><\/span><\/span><\/span><\/span><\/span><\/span><\/span><\/span><\/span><\/span><\/span><a href=\"https:\/\/www.kaarinankuvaajat.net\/Seuracup%202025\/\"><span style=\"vertical-align: inherit;\"><span style=\"vertical-align: inherit;\"><span style=\"vertical-align: inherit;\"><span style=\"vertical-align: inherit;\"><span style=\"vertical-align: inherit;\"><span style=\"vertical-align: inherit;\"><span style=\"vertical-align: inherit;\"><span style=\"vertical-align: inherit;\"><span style=\"vertical-align: inherit;\"><span style=\"vertical-align: inherit;\"><span style=\"vertical-align: inherit;\"><span style=\"vertical-align: inherit;\"><span style=\"vertical-align: inherit;\"><span style=\"vertical-align: inherit;\"><span style=\"vertical-align: inherit;\"><span style=\"vertical-align: inherit;\"><span style=\"vertical-align: inherit;\"><span style=\"vertical-align: inherit;\"><span style=\"vertical-align: inherit;\"><span style=\"vertical-align: inherit;\">https:\/\/www.kaarinankuvaajat.net\/Seuracup%202025\/<\/span><\/span><\/span><\/span><\/span><\/span><\/span><\/span><\/span><\/span><\/span><\/span><\/span><\/span><\/span><\/span><\/span><\/span><\/span><\/span><\/a><\/p>\n<p><span style=\"color: #000000;\"><span style=\"vertical-align: inherit;\"><span style=\"vertical-align: inherit;\"><span style=\"vertical-align: inherit;\"><span style=\"vertical-align: inherit;\"><span style=\"vertical-align: inherit;\"><span style=\"vertical-align: inherit;\"><span style=\"vertical-align: inherit;\"><span style=\"vertical-align: inherit;\"><span style=\"vertical-align: inherit;\"><span style=\"vertical-align: inherit;\"><span style=\"vertical-align: inherit;\"><span style=\"vertical-align: inherit;\"><span style=\"vertical-align: inherit;\"><span style=\"vertical-align: inherit;\"><span style=\"vertical-align: inherit;\"><span style=\"vertical-align: inherit;\"><span style=\"vertical-align: inherit;\"><span style=\"vertical-align: inherit;\"><span style=\"vertical-align: inherit;\"><span style=\"vertical-align: inherit;\">****<\/span><\/span><\/span><\/span><\/span><\/span><\/span><\/span><\/span><\/span><\/span><\/span><\/span><\/span><\/span><\/span><\/span><\/span><\/span><\/span>*********************************************************<\/span><\/p>\n<p><strong><span style=\"vertical-align: inherit;\"><span style=\"vertical-align: inherit;\"><span style=\"vertical-align: inherit;\"><span style=\"vertical-align: inherit;\"><span style=\"vertical-align: inherit;\"><span style=\"vertical-align: inherit;\"><span style=\"vertical-align: inherit;\"><span style=\"vertical-align: inherit;\"><span style=\"vertical-align: inherit;\"><span style=\"vertical-align: inherit;\"><span style=\"vertical-align: inherit;\"><span style=\"vertical-align: inherit;\"><span style=\"vertical-align: inherit;\"><span style=\"vertical-align: inherit;\"><span style=\"vertical-align: inherit;\"><span style=\"vertical-align: inherit;\"><span style=\"vertical-align: inherit;\"><span style=\"vertical-align: inherit;\"><span style=\"vertical-align: inherit;\"><span style=\"vertical-align: inherit;\">Vuosikilpailun 2026 tulokset <a href=\"https:\/\/www.kaarinankuvaajat.net\/Vuosikilpailu%202026\/\">(katso kuvat)<\/a><br \/>\n<\/span><\/span><\/span><\/span><\/span><\/span><\/span><\/span><\/span><\/span><\/span><\/span><\/span><\/span><\/span><\/span><\/span><\/span><\/span><\/span><\/strong><\/p>\n<p>Vuosikilpailun tuomarina toimi Vesa Loikas. Sarjoina oli v\u00e4ri- ja mv-valkokuvat. Kolmelle parhaalle molemmissa sarjoissa oli palkintona lahjakortit.<\/p>\n<table>\n<tbody>\n<tr>\n<td><strong>Mustavalkoiset kuvat<\/strong><\/td>\n<td style=\"width: 15px;\"><\/td>\n<td>\n<table>\n<tbody>\n<tr>\n<td><strong>V\u00e4rikuvat<\/strong><\/td>\n<\/tr>\n<\/tbody>\n<\/table>\n<\/td>\n<\/tr>\n<tr>\n<td>1. Henrik Sell &#8211; Yksin<\/td>\n<td><\/td>\n<td>1. Henrik Sell &#8211; Yl\u00f6sp\u00e4in<\/td>\n<\/tr>\n<tr>\n<td>2. \u00a0DsC05136j &#8211; (kuvaaja ??)<\/td>\n<td><\/td>\n<td>2. Tuomo Pynn\u00f6nen &#8211; Huurrettu<\/td>\n<\/tr>\n<tr>\n<td>3. Jukka Ik\u00e4heimo \u2013 Hongan tanssi<\/td>\n<td><\/td>\n<td>3. Jari Kouvo &#8211; Vastarannalla<\/td>\n<\/tr>\n<tr>\n<td>4. Sunneva Ollila &#8211; Odotus<\/td>\n<td><\/td>\n<td>4. Jukka Ik\u00e4heimo &#8211; Sammaleen asukit<\/td>\n<\/tr>\n<tr>\n<td>5. Henrik Sell &#8211; Korentoja kohti<\/td>\n<td><\/td>\n<td>5. Henrik Sell &#8211; Saalistamassa<\/td>\n<\/tr>\n<tr>\n<td>6. Esa Soppi\u00a0 &#8211; Experiment<\/td>\n<td><\/td>\n<td>6. Sunneva Ollila \u2013 Giselle \u2013 Mirtha \u2013 Albrecht<\/td>\n<\/tr>\n<\/tbody>\n<\/table>\n<p><span style=\"color: #000000;\"><span style=\"vertical-align: inherit;\">****<\/span>***********************************************************<\/span><\/p>\n<p><span style=\"vertical-align: inherit;\"><span style=\"vertical-align: inherit;\"><span style=\"vertical-align: inherit;\"><span style=\"vertical-align: inherit;\"><span style=\"vertical-align: inherit;\"><span style=\"vertical-align: inherit;\"><span style=\"vertical-align: inherit;\"><span style=\"vertical-align: inherit;\"><span style=\"vertical-align: inherit;\"><span style=\"vertical-align: inherit;\"><span style=\"vertical-align: inherit;\"><span style=\"vertical-align: inherit;\"><span style=\"vertical-align: inherit;\"><span style=\"vertical-align: inherit;\"><span style=\"vertical-align: inherit;\"><span style=\"vertical-align: inherit;\"><span style=\"vertical-align: inherit;\"><span style=\"vertical-align: inherit;\"><span style=\"vertical-align: inherit;\"><span style=\"vertical-align: inherit;\">Kuvia www-sivujen yl\u00e4tunnisteeseen<\/span><\/span><\/span><\/span><\/span><\/span><\/span><\/span><\/span><\/span><\/span><\/span><\/span><\/span><\/span><\/span><\/span><\/span><\/span><\/span><\/p>\n<p><span style=\"vertical-align: inherit;\"><span style=\"vertical-align: inherit;\"><span style=\"vertical-align: inherit;\"><span style=\"vertical-align: inherit;\"><span style=\"vertical-align: inherit;\"><span style=\"vertical-align: inherit;\"><span style=\"vertical-align: inherit;\"><span style=\"vertical-align: inherit;\"><span style=\"vertical-align: inherit;\"><span style=\"vertical-align: inherit;\"><span style=\"vertical-align: inherit;\"><span style=\"vertical-align: inherit;\"><span style=\"vertical-align: inherit;\"><span style=\"vertical-align: inherit;\"><span style=\"vertical-align: inherit;\"><span style=\"vertical-align: inherit;\"><span style=\"vertical-align: inherit;\"><span style=\"vertical-align: inherit;\"><span style=\"vertical-align: inherit;\"><span style=\"vertical-align: inherit;\">WWW-sivumme kaipaavat uusia ajankohtaan sopivia kuvia yl\u00e4tunnisteeseen. <\/span><\/span><\/span><\/span><\/span><\/span><\/span><\/span><\/span><\/span><\/span><\/span><\/span><\/span><\/span><\/span><\/span><\/span><\/span><span style=\"vertical-align: inherit;\"><span style=\"vertical-align: inherit;\"><span style=\"vertical-align: inherit;\"><span style=\"vertical-align: inherit;\"><span style=\"vertical-align: inherit;\"><span style=\"vertical-align: inherit;\"><span style=\"vertical-align: inherit;\"><span style=\"vertical-align: inherit;\"><span style=\"vertical-align: inherit;\"><span style=\"vertical-align: inherit;\"><span style=\"vertical-align: inherit;\"><span style=\"vertical-align: inherit;\"><span style=\"vertical-align: inherit;\"><span style=\"vertical-align: inherit;\"><span style=\"vertical-align: inherit;\"><span style=\"vertical-align: inherit;\"><span style=\"vertical-align: inherit;\"><span style=\"vertical-align: inherit;\"><span style=\"vertical-align: inherit;\">Mik\u00e4 on p\u00e4\u00e4ll\u00e4 sopiva kuva t\u00e4h\u00e4n tarkoitukseen, niin rajaa ja pienenn\u00e4 kuvasi kokoon 760 x 200 ja l\u00e4het\u00e4 se jpg-formaatissa osoitteeseen <\/span><\/span><\/span><\/span><\/span><\/span><\/span><\/span><\/span><\/span><\/span><\/span><\/span><\/span><\/span><\/span><\/span><\/span><\/span><\/span><a href=\"mailto:sihteeri@kaarinankuvaajat.net\"><span style=\"vertical-align: inherit;\"><span style=\"vertical-align: inherit;\"><span style=\"vertical-align: inherit;\"><span style=\"vertical-align: inherit;\"><span style=\"vertical-align: inherit;\"><span style=\"vertical-align: inherit;\"><span style=\"vertical-align: inherit;\"><span style=\"vertical-align: inherit;\"><span style=\"vertical-align: inherit;\"><span style=\"vertical-align: inherit;\"><span style=\"vertical-align: inherit;\"><span style=\"vertical-align: inherit;\"><span style=\"vertical-align: inherit;\"><span style=\"vertical-align: inherit;\"><span style=\"vertical-align: inherit;\"><span style=\"vertical-align: inherit;\"><span style=\"vertical-align: inherit;\"><span style=\"vertical-align: inherit;\"><span style=\"vertical-align: inherit;\"><span style=\"vertical-align: inherit;\">sihteeri@kaarinankuvaajat.net<\/span><\/span><\/span><\/span><\/span><\/span><\/span><\/span><\/span><\/span><\/span><\/span><\/span><\/span><\/span><\/span><\/span><\/span><\/span><\/span><\/a><\/p>\n","protected":false},"excerpt":{"rendered":"<p>Kaarinan Kuvaajien kuukausikokoukset Toukokuun j\u00e4sentapaaminen keskiviikkona 6.5.2026 kello 17:30 Valkeavuoren kampuksella. Salakamman aihe on t\u00e4ll\u00e4 kertaa &#8220;Vesi&#8221;\u00a0 Kuvat tulee ladata palvelimelle viimeist\u00e4\u00e4n sunnuntaina 3.5.2026 kello 20:00 menness\u00e4, k\u00e4ytt\u00e4en uutta latauslomaketta. *********************************************************** Kaarinan Kuvaajat ry osallistui vuoden 2025 Suomen Kameraseurojen liiton Seuracup kilpailuun. Yhteens\u00e4 nelj\u00e4 kuvaa valittiin Seuracup-n\u00e4yttelyyn. N\u00e4m\u00e4 olivat: Henrik Sell The attack ja\u00a0Last Flight [&hellip;]<\/p>\n","protected":false},"author":4,"featured_media":0,"parent":0,"menu_order":0,"comment_status":"closed","ping_status":"closed","template":"","meta":{"footnotes":""},"class_list":["post-516","page","type-page","status-publish","hentry"],"_links":{"self":[{"href":"https:\/\/www.kaarinankuvaajat.net\/blog\/index.php?rest_route=\/wp\/v2\/pages\/516","targetHints":{"allow":["GET"]}}],"collection":[{"href":"https:\/\/www.kaarinankuvaajat.net\/blog\/index.php?rest_route=\/wp\/v2\/pages"}],"about":[{"href":"https:\/\/www.kaarinankuvaajat.net\/blog\/index.php?rest_route=\/wp\/v2\/types\/page"}],"author":[{"embeddable":true,"href":"https:\/\/www.kaarinankuvaajat.net\/blog\/index.php?rest_route=\/wp\/v2\/users\/4"}],"replies":[{"embeddable":true,"href":"https:\/\/www.kaarinankuvaajat.net\/blog\/index.php?rest_route=%2Fwp%2Fv2%2Fcomments&post=516"}],"version-history":[{"count":590,"href":"https:\/\/www.kaarinankuvaajat.net\/blog\/index.php?rest_route=\/wp\/v2\/pages\/516\/revisions"}],"predecessor-version":[{"id":6549,"href":"https:\/\/www.kaarinankuvaajat.net\/blog\/index.php?rest_route=\/wp\/v2\/pages\/516\/revisions\/6549"}],"wp:attachment":[{"href":"https:\/\/www.kaarinankuvaajat.net\/blog\/index.php?rest_route=%2Fwp%2Fv2%2Fmedia&parent=516"}],"curies":[{"name":"wp","href":"https:\/\/api.w.org\/{rel}","templated":true}]}}